{"id":3315,"date":"2024-06-10T12:19:16","date_gmt":"2024-06-10T10:19:16","guid":{"rendered":"https:\/\/www.videovigilancialegal.com\/llei-de-proteccio-de-dades-per-a-cambres\/"},"modified":"2024-06-10T12:19:18","modified_gmt":"2024-06-10T10:19:18","slug":"llei-de-proteccio-de-dades-per-a-cambres","status":"publish","type":"page","link":"https:\/\/www.videovigilancialegal.com\/ca\/llei-de-proteccio-de-dades-per-a-cambres\/","title":{"rendered":"Llei de protecci\u00f3 de dades per a cambres"},"content":{"rendered":"<p>[et_pb_section fb_built=&#8221;1&#8243; admin_label=&#8221;History&#8221; _builder_version=&#8221;4.16&#8243; inner_width_tablet=&#8221;50px&#8221; inner_max_width_tablet=&#8221;50px&#8221; custom_padding=&#8221;||1%|&#8221; z_index_tablet=&#8221;500&#8243; global_colors_info=&#8221;{}&#8221;][et_pb_row _builder_version=&#8221;4.16&#8243; custom_margin=&#8221;|||&#8221; custom_padding=&#8221;|||&#8221; global_colors_info=&#8221;{}&#8221;][et_pb_column type=&#8221;4_4&#8243; _builder_version=&#8221;4.16&#8243; custom_padding=&#8221;|||&#8221; global_colors_info=&#8221;{}&#8221; custom_padding__hover=&#8221;|||&#8221;][et_pb_text _builder_version=&#8221;4.25.1&#8243; text_text_color=&#8221;rgba(0,0,0,0.05)&#8221; text_font_size=&#8221;100px&#8221; text_line_height=&#8221;0.2em&#8221; header_2_font_size=&#8221;48px&#8221; header_2_line_height=&#8221;1.4em&#8221; text_orientation=&#8221;center&#8221; custom_margin=&#8221;||30px||false&#8221; custom_margin_tablet=&#8221;||0px|&#8221; custom_margin_phone=&#8221;&#8221; custom_margin_last_edited=&#8221;on|tablet&#8221; text_font_size_tablet=&#8221;80px&#8221; text_font_size_phone=&#8221;60px&#8221; text_font_size_last_edited=&#8221;on|desktop&#8221; header_2_font_size_tablet=&#8221;&#8221; header_2_font_size_phone=&#8221;36px&#8221; header_2_font_size_last_edited=&#8221;on|phone&#8221; z_index_tablet=&#8221;500&#8243; global_colors_info=&#8221;{}&#8221;]<\/p>\n<p>L&#8217; empresa<\/p>\n<h2>Llei\u00a0de\u00a0protecci\u00f3\u00a0de\u00a0dades\u00a0per\u00a0a\u00a0cambres<\/h2>\n<p>[\/et_pb_text][et_pb_text _builder_version=&#8221;4.25.1&#8243; text_font=&#8221;Open Sans||||||||&#8221; text_font_size=&#8221;16px&#8221; text_line_height=&#8221;1.8em&#8221; text_orientation=&#8221;center&#8221; max_width=&#8221;977px&#8221; max_width_tablet=&#8221;&#8221; max_width_phone=&#8221;&#8221; max_width_last_edited=&#8221;on|phone&#8221; module_alignment=&#8221;center&#8221; z_index_tablet=&#8221;500&#8243; locked=&#8221;off&#8221; global_colors_info=&#8221;{}&#8221;]<\/p>\n<p><span class=\"\" data-state=\"closed\"><span class=\"text-token-text-secondary\">\u00c9s obligatori mantenir un registre d&#8217;activitats de tractament que inclogui detalls com el responsable del tractament, la finalitat de les gravacions, els destinataris de les dades, i les mesures de seguretat aplicades. Aquest registre ha d&#8217;estar disponible per a inspeccions per part de les autoritats de protecci\u00f3 de dades\u200b (<\/span><a class=\"text-green-600 !no-underline\" href=\"https:\/\/www.aepd.es\/areas-de-actuacion\/videovigilancia\" target=\"_blank\" rel=\"noopener noreferrer\">AEPD<\/a><span class=\"text-token-text-secondary\">)<\/span><\/span>\u200b\u200b<span class=\"\" data-state=\"closed\"><span class=\"text-token-text-secondary\"> (<\/span><a class=\"text-green-600 !no-underline\" href=\"https:\/\/ayudaleyprotecciondatos.es\/2022\/08\/29\/normativa-videovigilancia\/\" target=\"_blank\" rel=\"noopener noreferrer\">Ayuda Ley Protecci\u00f3n Datos<\/a><span class=\"text-token-text-secondary\">)<\/span><\/span>\u200b.<\/p>\n<p>Les persones tenen dret a accedir a les seves dades, sol\u00b7licitar la rectificaci\u00f3 o supressi\u00f3 dels mateixos i oposar-se al seu tractament. Les empreses han de facilitar aquests drets i assegurar-se que les dades personals es gestionin de manera segura i confidencial <span class=\"text-token-text-secondary\">(<\/span><a class=\"text-green-600 !no-underline\" href=\"https:\/\/ayudaleyprotecciondatos.es\/2022\/08\/29\/normativa-videovigilancia\/\" target=\"_blank\" rel=\"noopener noreferrer\">Ayuda Ley Protecci\u00f3n Datos<\/a><span class=\"text-token-text-secondary\">).<\/span><\/p>\n<p>Les gravacions han de protegir-se mitjan\u00e7ant mesures t\u00e8cniques i organitzatives adequades per a evitar accessos no autoritzats. Aix\u00f2 inclou la implementaci\u00f3 de contrasenyes, xifrat de dades i pol\u00edtiques d&#8217;acc\u00e9s restringit\u200b <span class=\"\" data-state=\"closed\"><span class=\"text-token-text-secondary\">\u00a0(<\/span><a class=\"text-green-600 !no-underline\" href=\"https:\/\/protecciondatos-lopd.com\/empresas\/videovigilancia-lopd\/\" target=\"_blank\" rel=\"noopener noreferrer\">ProteccionDatos-LOPD<\/a><span class=\"text-token-text-secondary\">)<\/span><\/span>\u200b.<\/p>\n<p>Les imatges captades per les c\u00e0meres de seguretat nom\u00e9s poden conservar-se durant un per\u00edode m\u00e0xim de 30 dies, excepte en casos espec\u00edfics com a recerques judicials o policials on es justifiqui una retenci\u00f3 m\u00e9s prolongada\u200b\u200b<span class=\"\" data-state=\"closed\"><span class=\"text-token-text-secondary\">\u00a0(<\/span><a class=\"text-green-600 !no-underline\" href=\"https:\/\/protecciondatos-lopd.com\/empresas\/videovigilancia-lopd\/\" target=\"_blank\" rel=\"noopener noreferrer\">ProteccionDatos-LOPD<\/a><span class=\"text-token-text-secondary\">)<\/span><\/span>\u200b.<\/p>\n<h3>Import\u00e0ncia del Compliment Legal i protecci\u00f3 de dades per a cambres<\/h3>\n<p>Complir amb la\u00a0LOPD\u00a0i el RGPD no sols \u00e9s un requisit legal, sin\u00f3 que tamb\u00e9 protegeix la reputaci\u00f3 de la teva empresa i assegura la confian\u00e7a dels teus clients i empleats. Treballar amb una empresa experta en normativa i tecnologia de videovigil\u00e0ncia garanteix que tots els aspectes de la seguretat i la privacitat es gestionin correctament, proporcionant tranquil\u00b7litat i protecci\u00f3 a llarg termini.<\/p>\n<p>[\/et_pb_text][et_pb_image src=&#8221;https:\/\/www.videovigilancialegal.com\/wp-content\/uploads\/2024\/05\/camaras-seguridad-4.jpg&#8221; alt=&#8221;Llei per a c\u00e0meres de seguretat&#8221; title_text=&#8221;camaras-seguridad-4&#8243; align=&#8221;center&#8221; _builder_version=&#8221;4.25.1&#8243; _module_preset=&#8221;default&#8221; global_colors_info=&#8221;{}&#8221;][\/et_pb_image][\/et_pb_column][\/et_pb_row][\/et_pb_section][et_pb_section fb_built=&#8221;1&#8243; _builder_version=&#8221;4.16&#8243; inner_width_tablet=&#8221;50px&#8221; inner_max_width_tablet=&#8221;50px&#8221; custom_padding=&#8221;1%|||&#8221; z_index_tablet=&#8221;500&#8243; global_colors_info=&#8221;{}&#8221;][et_pb_row column_structure=&#8221;1_3,1_3,1_3&#8243; make_equal=&#8221;on&#8221; _builder_version=&#8221;4.16&#8243; width=&#8221;70%&#8221; custom_margin=&#8221;|||&#8221; custom_padding=&#8221;|||&#8221; z_index_tablet=&#8221;500&#8243; border_radii=&#8221;on|0px|0px|0px|0px&#8221; locked=&#8221;off&#8221; global_colors_info=&#8221;{}&#8221;][et_pb_column type=&#8221;1_3&#8243; _builder_version=&#8221;4.16&#8243; custom_padding=&#8221;|||&#8221; global_colors_info=&#8221;{}&#8221; custom_padding__hover=&#8221;|||&#8221;][et_pb_blurb title=&#8221;Transpar\u00e8ncia total&#8221; use_icon=&#8221;on&#8221; font_icon=&#8221;&#xe106;||divi||400&#8243; icon_color=&#8221;#ffffff&#8221; image_icon_background_color=&#8221;rgba(255,255,255,0.2)&#8221; image_icon_width=&#8221;48px&#8221; admin_label=&#8221;Experiencia&#8221; _builder_version=&#8221;4.25.1&#8243; header_text_align=&#8221;center&#8221; header_font_size=&#8221;24px&#8221; header_line_height=&#8221;1.2em&#8221; body_font_size=&#8221;16px&#8221; body_line_height=&#8221;1.8em&#8221; background_color=&#8221;#2d5174&#8243; image_icon_custom_padding=&#8221;25px|25px|25px|25px|false|false&#8221; text_orientation=&#8221;center&#8221; background_layout=&#8221;dark&#8221; custom_padding=&#8221;40px|30px|40px|30px|true|true&#8221; animation_style=&#8221;fold&#8221; animation_delay=&#8221;450ms&#8221; animation=&#8221;off&#8221; z_index_tablet=&#8221;500&#8243; border_color_all=&#8221;rgba(0,0,0,0.83)&#8221; border_radii_image=&#8221;on|100%|100%|100%|100%&#8221; border_width_all_image=&#8221;3px&#8221; border_color_all_image=&#8221;#ffffff&#8221; use_circle=&#8221;on&#8221; use_circle_border=&#8221;on&#8221; circle_border_color=&#8221;#ffffff&#8221; circle_color=&#8221;rgba(255,255,255,0.2)&#8221; global_colors_info=&#8221;{}&#8221; image_icon_background_color__sticky_enabled=&#8221;#7EBEC5&#8243; image_icon_background_color__sticky=&#8221;#7EBEC5&#8243;]<\/p>\n<p>Les empreses han d&#8217;informar clarament les persones sobre la instal\u00b7laci\u00f3 de c\u00e0meres de seguretat mitjan\u00e7ant cartells visibles que indiquin la pres\u00e8ncia de videovigil\u00e0ncia, la finalitat de la gravaci\u00f3, i les dades de contacte del responsable del tractament. Aix\u00f2 assegura que tots els interessats coneguin que estan sent gravats i per a qu\u00e8 s&#8217;utilitzaran les seves dades\u200b.<\/p>\n<p>[\/et_pb_blurb][\/et_pb_column][et_pb_column type=&#8221;1_3&#8243; _builder_version=&#8221;4.16&#8243; custom_padding=&#8221;|||&#8221; global_colors_info=&#8221;{}&#8221; custom_padding__hover=&#8221;|||&#8221;][et_pb_blurb title=&#8221;Registre d&apos; Activitats&#8221; use_icon=&#8221;on&#8221; font_icon=&#8221;&#xe031;||divi||400&#8243; icon_color=&#8221;#ffffff&#8221; image_icon_background_color=&#8221;rgba(255,255,255,0.2)&#8221; image_icon_width=&#8221;48px&#8221; admin_label=&#8221;Especializaci\u00f3n&#8221; _builder_version=&#8221;4.25.1&#8243; header_text_align=&#8221;center&#8221; header_font_size=&#8221;24px&#8221; header_line_height=&#8221;1.2em&#8221; body_font_size=&#8221;16px&#8221; body_line_height=&#8221;1.8em&#8221; background_color=&#8221;#62afa8&#8243; image_icon_custom_padding=&#8221;25px|25px|25px|25px|false|false&#8221; text_orientation=&#8221;center&#8221; background_layout=&#8221;dark&#8221; custom_padding=&#8221;40px|30px|40px|30px|true|true&#8221; animation_style=&#8221;fold&#8221; animation_delay=&#8221;450ms&#8221; animation=&#8221;off&#8221; z_index_tablet=&#8221;500&#8243; border_color_all=&#8221;rgba(0,0,0,0.83)&#8221; border_radii_image=&#8221;on|100%|100%|100%|100%&#8221; border_width_all_image=&#8221;3px&#8221; border_color_all_image=&#8221;#ffffff&#8221; use_circle=&#8221;on&#8221; use_circle_border=&#8221;on&#8221; circle_border_color=&#8221;#ffffff&#8221; circle_color=&#8221;rgba(255,255,255,0.2)&#8221; global_colors_info=&#8221;{}&#8221; image_icon_background_color__sticky_enabled=&#8221;#7EBEC5&#8243; image_icon_background_color__sticky=&#8221;#7EBEC5&#8243;]<\/p>\n<p>\u00c9s obligatori mantenir un registre d&#8217;activitats de tractament que inclogui detalls com el responsable del tractament, la finalitat de les gravacions, els destinataris de les dades, i les mesures de seguretat aplicades. Aquest registre ha d&#8217;estar disponible per a inspeccions per part de les autoritats de protecci\u00f3 de dades \u200b<span class=\"\" data-state=\"closed\"><span class=\"text-token-text-secondary\">(<\/span><a class=\"text-green-600 !no-underline\" href=\"https:\/\/protecciondatos-lopd.com\/empresas\/videovigilancia-lopd\/\" target=\"_blank\" rel=\"noopener noreferrer\">ProteccionDatos-LOPD<\/a><span class=\"text-token-text-secondary\">)<\/span><\/span>\u200b.<\/p>\n<p>[\/et_pb_blurb][\/et_pb_column][et_pb_column type=&#8221;1_3&#8243; _builder_version=&#8221;4.16&#8243; custom_padding=&#8221;|||&#8221; global_colors_info=&#8221;{}&#8221; custom_padding__hover=&#8221;|||&#8221;][et_pb_blurb title=&#8221;Drets dels Interessats&#8221; use_icon=&#8221;on&#8221; font_icon=&#8221;&#xe108;||divi||400&#8243; icon_color=&#8221;#ffffff&#8221; image_icon_background_color=&#8221;rgba(255,255,255,0.2)&#8221; image_icon_width=&#8221;48px&#8221; admin_label=&#8221;Profesionalidad&#8221; _builder_version=&#8221;4.25.1&#8243; header_text_align=&#8221;center&#8221; header_font_size=&#8221;24px&#8221; header_line_height=&#8221;1.2em&#8221; body_font_size=&#8221;16px&#8221; body_line_height=&#8221;1.8em&#8221; background_color=&#8221;#868686&#8243; image_icon_custom_padding=&#8221;25px|25px|25px|25px|false|false&#8221; text_orientation=&#8221;center&#8221; background_layout=&#8221;dark&#8221; custom_padding=&#8221;40px|30px|40px|30px|true|true&#8221; animation_style=&#8221;fold&#8221; animation_delay=&#8221;450ms&#8221; animation=&#8221;off&#8221; z_index_tablet=&#8221;500&#8243; border_color_all=&#8221;rgba(0,0,0,0.83)&#8221; border_radii_image=&#8221;on|100%|100%|100%|100%&#8221; border_width_all_image=&#8221;3px&#8221; border_color_all_image=&#8221;#ffffff&#8221; use_circle=&#8221;on&#8221; use_circle_border=&#8221;on&#8221; circle_border_color=&#8221;#ffffff&#8221; circle_color=&#8221;rgba(255,255,255,0.2)&#8221; locked=&#8221;off&#8221; global_colors_info=&#8221;{}&#8221; image_icon_background_color__sticky_enabled=&#8221;#7EBEC5&#8243; image_icon_background_color__sticky=&#8221;#7EBEC5&#8243;]<\/p>\n<p>Les persones tenen dret a accedir a les seves dades, sol\u00b7licitar la rectificaci\u00f3 o supressi\u00f3 d&#8217;aquests, i oposar-se al seu tractament. Les empreses han de facilitar aquests drets i assegurar-se que les dades personals es gestionin de manera segura i confidencial\u200b <span class=\"\" data-state=\"closed\"><span class=\"text-token-text-secondary\">(<\/span><a class=\"text-green-600 !no-underline\" href=\"https:\/\/ayudaleyprotecciondatos.es\/2022\/08\/29\/normativa-videovigilancia\/\" target=\"_blank\" rel=\"noopener noreferrer\">Ayuda Ley Protecci\u00f3n Datos<\/a><span class=\"text-token-text-secondary\">)<\/span><\/span>\u200b.<\/p>\n<p>[\/et_pb_blurb][\/et_pb_column][\/et_pb_row][\/et_pb_section][et_pb_section fb_built=&#8221;1&#8243; inner_shadow=&#8221;on&#8221; _builder_version=&#8221;4.16&#8243; background_color=&#8221;#2d5174&#8243; background_image=&#8221;https:\/\/test.videovigilancialegal.com\/wp-content\/uploads\/2019\/05\/home.jpg&#8221; background_blend=&#8221;color-burn&#8221; animation_style=&#8221;fade&#8221; z_index_tablet=&#8221;500&#8243; global_colors_info=&#8221;{}&#8221;][et_pb_row _builder_version=&#8221;4.16&#8243; module_alignment=&#8221;center&#8221; z_index_tablet=&#8221;500&#8243; global_colors_info=&#8221;{}&#8221;][et_pb_column type=&#8221;4_4&#8243; _builder_version=&#8221;4.16&#8243; custom_padding=&#8221;|||&#8221; global_colors_info=&#8221;{}&#8221; custom_padding__hover=&#8221;|||&#8221;][et_pb_text _builder_version=&#8221;4.25.1&#8243; text_font_size=&#8221;18px&#8221; text_line_height=&#8221;1.8em&#8221; text_orientation=&#8221;center&#8221; background_layout=&#8221;dark&#8221; max_width_last_edited=&#8221;off|desktop&#8221; module_alignment=&#8221;center&#8221; z_index_tablet=&#8221;500&#8243; global_colors_info=&#8221;{}&#8221;]<\/p>\n<p>En 2008, a causa del notable augment en l&#8217;\u00fas de sistemes de videovigil\u00e0ncia i les expectatives de creixement, juntament amb les particularitats que implica el compliment de la normativa de la Llei de Protecci\u00f3 de Dades per a c\u00e0meres de seguretat, decidim oferir un servei especialitzat als instal\u00b7ladors de sistemes CCTV a trav\u00e9s de la nostra plataforma web Videovigilancialegal.com. Aquest servei facilita l&#8217;adequaci\u00f3 d&#8217;una instal\u00b7laci\u00f3 CCTV de manera senzilla, r\u00e0pida i efectiva, permetent legalitzar-la en tan sols 3 dies. Aix\u00ed, garantim que totes les instal\u00b7lacions compleixin amb les exig\u00e8ncies legals i protegeixin la privacitat de les dades personals.<\/p>\n<p>[\/et_pb_text][\/et_pb_column][\/et_pb_row][\/et_pb_section][et_pb_section fb_built=&#8221;1&#8243; fullwidth=&#8221;on&#8221; _builder_version=&#8221;3.26&#8243; z_index_tablet=&#8221;500&#8243; box_shadow_horizontal_tablet=&#8221;0px&#8221; box_shadow_vertical_tablet=&#8221;0px&#8221; box_shadow_blur_tablet=&#8221;40px&#8221; box_shadow_spread_tablet=&#8221;0px&#8221; global_module=&#8221;2877&#8243; global_colors_info=&#8221;{}&#8221;][et_pb_fullwidth_code admin_label=&#8221;Links ESP&#8221; _builder_version=&#8221;4.16&#8243; text_orientation=&#8221;center&#8221; z_index_tablet=&#8221;500&#8243; global_colors_info=&#8221;{}&#8221;]<a href=\"\/aviso-legal\" target=\"_blank\" rel=\"noopener noreferrer\">Aviso legal<\/a> \u00b7 <a href=\"\/politica-de-privacidad\" target=\"_blank\" rel=\"noopener noreferrer\">Pol\u00edtica de privacidad<\/a> \u00b7 <a href=\"\/politica-de-cookies\" target=\"_blank\" rel=\"noopener noreferrer\">Pol\u00edtica de cookies<\/a>[\/et_pb_fullwidth_code][\/et_pb_section]<\/p>\n","protected":false},"excerpt":{"rendered":"<p>L&#8217; empresa Llei\u00a0de\u00a0protecci\u00f3\u00a0de\u00a0dades\u00a0per\u00a0a\u00a0cambres\u00c9s obligatori mantenir un registre d&#8217;activitats de tractament que inclogui detalls com el responsable del tractament, la finalitat de les gravacions, els destinataris de les dades, i les mesures de seguretat aplicades. Aquest registre ha d&#8217;estar disponible per a inspeccions per part de les autoritats de protecci\u00f3 de dades\u200b (AEPD)\u200b\u200b (Ayuda Ley Protecci\u00f3n [&hellip;]<\/p>\n","protected":false},"author":2,"featured_media":0,"parent":0,"menu_order":0,"comment_status":"closed","ping_status":"closed","template":"","meta":{"_et_pb_use_builder":"on","_et_pb_old_content":"","_et_gb_content_width":"","footnotes":""},"yoast_head":"<!-- This site is optimized with the Yoast SEO plugin v22.9 - https:\/\/yoast.com\/wordpress\/plugins\/seo\/ -->\n<title>Llei de protecci\u00f3 de dades per a cambres - VideovigilanciaLegal.com<\/title>\n<meta name=\"description\" content=\"Oferim serveis especialitzats per a garantir que els teus sistemes de videovigil\u00e0ncia compleixin amb la LOPD i el RGPD, assegurant privacitat i seguretat en les teves instal\u00b7lacions\" \/>\n<meta name=\"robots\" content=\"index, follow, max-snippet:-1, max-image-preview:large, max-video-preview:-1\" \/>\n<link rel=\"canonical\" href=\"https:\/\/www.videovigilancialegal.com\/ca\/llei-de-proteccio-de-dades-per-a-cambres\/\" \/>\n<meta property=\"og:locale\" content=\"ca_ES\" \/>\n<meta property=\"og:type\" content=\"article\" \/>\n<meta property=\"og:title\" content=\"Llei de protecci\u00f3 de dades per a cambres - VideovigilanciaLegal.com\" \/>\n<meta property=\"og:description\" content=\"Oferim serveis especialitzats per a garantir que els teus sistemes de videovigil\u00e0ncia compleixin amb la LOPD i el RGPD, assegurant privacitat i seguretat en les teves instal\u00b7lacions\" \/>\n<meta property=\"og:url\" content=\"https:\/\/www.videovigilancialegal.com\/ca\/llei-de-proteccio-de-dades-per-a-cambres\/\" \/>\n<meta property=\"og:site_name\" content=\"VideovigilanciaLegal.com\" \/>\n<meta property=\"article:modified_time\" content=\"2024-06-10T10:19:18+00:00\" \/>\n<meta name=\"twitter:card\" content=\"summary_large_image\" \/>\n<meta name=\"twitter:label1\" content=\"Temps estimat de lectura\" \/>\n\t<meta name=\"twitter:data1\" content=\"7 minuts\" \/>\n<script type=\"application\/ld+json\" class=\"yoast-schema-graph\">{\"@context\":\"https:\/\/schema.org\",\"@graph\":[{\"@type\":\"WebPage\",\"@id\":\"https:\/\/www.videovigilancialegal.com\/ca\/llei-de-proteccio-de-dades-per-a-cambres\/\",\"url\":\"https:\/\/www.videovigilancialegal.com\/ca\/llei-de-proteccio-de-dades-per-a-cambres\/\",\"name\":\"Llei de protecci\u00f3 de dades per a cambres - VideovigilanciaLegal.com\",\"isPartOf\":{\"@id\":\"https:\/\/www.videovigilancialegal.com\/ca\/#website\"},\"datePublished\":\"2024-06-10T10:19:16+00:00\",\"dateModified\":\"2024-06-10T10:19:18+00:00\",\"description\":\"Oferim serveis especialitzats per a garantir que els teus sistemes de videovigil\u00e0ncia compleixin amb la LOPD i el RGPD, assegurant privacitat i seguretat en les teves instal\u00b7lacions\",\"breadcrumb\":{\"@id\":\"https:\/\/www.videovigilancialegal.com\/ca\/llei-de-proteccio-de-dades-per-a-cambres\/#breadcrumb\"},\"inLanguage\":\"ca\",\"potentialAction\":[{\"@type\":\"ReadAction\",\"target\":[\"https:\/\/www.videovigilancialegal.com\/ca\/llei-de-proteccio-de-dades-per-a-cambres\/\"]}]},{\"@type\":\"BreadcrumbList\",\"@id\":\"https:\/\/www.videovigilancialegal.com\/ca\/llei-de-proteccio-de-dades-per-a-cambres\/#breadcrumb\",\"itemListElement\":[{\"@type\":\"ListItem\",\"position\":1,\"name\":\"Portada\",\"item\":\"https:\/\/www.videovigilancialegal.com\/ca\/\"},{\"@type\":\"ListItem\",\"position\":2,\"name\":\"Llei de protecci\u00f3 de dades per a cambres\"}]},{\"@type\":\"WebSite\",\"@id\":\"https:\/\/www.videovigilancialegal.com\/ca\/#website\",\"url\":\"https:\/\/www.videovigilancialegal.com\/ca\/\",\"name\":\"VideovigilanciaLegal.com\",\"description\":\"\",\"potentialAction\":[{\"@type\":\"SearchAction\",\"target\":{\"@type\":\"EntryPoint\",\"urlTemplate\":\"https:\/\/www.videovigilancialegal.com\/ca\/?s={search_term_string}\"},\"query-input\":\"required name=search_term_string\"}],\"inLanguage\":\"ca\"}]}<\/script>\n<!-- \/ Yoast SEO plugin. -->","yoast_head_json":{"title":"Llei de protecci\u00f3 de dades per a cambres - VideovigilanciaLegal.com","description":"Oferim serveis especialitzats per a garantir que els teus sistemes de videovigil\u00e0ncia compleixin amb la LOPD i el RGPD, assegurant privacitat i seguretat en les teves instal\u00b7lacions","robots":{"index":"index","follow":"follow","max-snippet":"max-snippet:-1","max-image-preview":"max-image-preview:large","max-video-preview":"max-video-preview:-1"},"canonical":"https:\/\/www.videovigilancialegal.com\/ca\/llei-de-proteccio-de-dades-per-a-cambres\/","og_locale":"ca_ES","og_type":"article","og_title":"Llei de protecci\u00f3 de dades per a cambres - VideovigilanciaLegal.com","og_description":"Oferim serveis especialitzats per a garantir que els teus sistemes de videovigil\u00e0ncia compleixin amb la LOPD i el RGPD, assegurant privacitat i seguretat en les teves instal\u00b7lacions","og_url":"https:\/\/www.videovigilancialegal.com\/ca\/llei-de-proteccio-de-dades-per-a-cambres\/","og_site_name":"VideovigilanciaLegal.com","article_modified_time":"2024-06-10T10:19:18+00:00","twitter_card":"summary_large_image","twitter_misc":{"Temps estimat de lectura":"7 minuts"},"schema":{"@context":"https:\/\/schema.org","@graph":[{"@type":"WebPage","@id":"https:\/\/www.videovigilancialegal.com\/ca\/llei-de-proteccio-de-dades-per-a-cambres\/","url":"https:\/\/www.videovigilancialegal.com\/ca\/llei-de-proteccio-de-dades-per-a-cambres\/","name":"Llei de protecci\u00f3 de dades per a cambres - VideovigilanciaLegal.com","isPartOf":{"@id":"https:\/\/www.videovigilancialegal.com\/ca\/#website"},"datePublished":"2024-06-10T10:19:16+00:00","dateModified":"2024-06-10T10:19:18+00:00","description":"Oferim serveis especialitzats per a garantir que els teus sistemes de videovigil\u00e0ncia compleixin amb la LOPD i el RGPD, assegurant privacitat i seguretat en les teves instal\u00b7lacions","breadcrumb":{"@id":"https:\/\/www.videovigilancialegal.com\/ca\/llei-de-proteccio-de-dades-per-a-cambres\/#breadcrumb"},"inLanguage":"ca","potentialAction":[{"@type":"ReadAction","target":["https:\/\/www.videovigilancialegal.com\/ca\/llei-de-proteccio-de-dades-per-a-cambres\/"]}]},{"@type":"BreadcrumbList","@id":"https:\/\/www.videovigilancialegal.com\/ca\/llei-de-proteccio-de-dades-per-a-cambres\/#breadcrumb","itemListElement":[{"@type":"ListItem","position":1,"name":"Portada","item":"https:\/\/www.videovigilancialegal.com\/ca\/"},{"@type":"ListItem","position":2,"name":"Llei de protecci\u00f3 de dades per a cambres"}]},{"@type":"WebSite","@id":"https:\/\/www.videovigilancialegal.com\/ca\/#website","url":"https:\/\/www.videovigilancialegal.com\/ca\/","name":"VideovigilanciaLegal.com","description":"","potentialAction":[{"@type":"SearchAction","target":{"@type":"EntryPoint","urlTemplate":"https:\/\/www.videovigilancialegal.com\/ca\/?s={search_term_string}"},"query-input":"required name=search_term_string"}],"inLanguage":"ca"}]}},"_links":{"self":[{"href":"https:\/\/www.videovigilancialegal.com\/ca\/wp-json\/wp\/v2\/pages\/3315"}],"collection":[{"href":"https:\/\/www.videovigilancialegal.com\/ca\/wp-json\/wp\/v2\/pages"}],"about":[{"href":"https:\/\/www.videovigilancialegal.com\/ca\/wp-json\/wp\/v2\/types\/page"}],"author":[{"embeddable":true,"href":"https:\/\/www.videovigilancialegal.com\/ca\/wp-json\/wp\/v2\/users\/2"}],"replies":[{"embeddable":true,"href":"https:\/\/www.videovigilancialegal.com\/ca\/wp-json\/wp\/v2\/comments?post=3315"}],"version-history":[{"count":2,"href":"https:\/\/www.videovigilancialegal.com\/ca\/wp-json\/wp\/v2\/pages\/3315\/revisions"}],"predecessor-version":[{"id":3317,"href":"https:\/\/www.videovigilancialegal.com\/ca\/wp-json\/wp\/v2\/pages\/3315\/revisions\/3317"}],"wp:attachment":[{"href":"https:\/\/www.videovigilancialegal.com\/ca\/wp-json\/wp\/v2\/media?parent=3315"}],"curies":[{"name":"wp","href":"https:\/\/api.w.org\/{rel}","templated":true}]}}